{"id":4330,"date":"2022-04-26T13:37:58","date_gmt":"2022-04-26T11:37:58","guid":{"rendered":"https:\/\/livingsense-executive.ch\/portfolio\/communication-as-a-leadership-competence\/"},"modified":"2023-05-30T09:39:53","modified_gmt":"2023-05-30T07:39:53","slug":"communication-as-a-leadership-competence","status":"publish","type":"avada_portfolio","link":"https:\/\/livingsense-executive.ch\/en\/portfolio\/communication-as-a-leadership-competence\/","title":{"rendered":"Communication as a leadership competence"},"content":{"rendered":"<p><div class=\"fusion-fullwidth fullwidth-box fusion-builder-row-1 fusion-flex-container nonhundred-percent-fullwidth non-hundred-percent-height-scrolling\" style=\"--awb-border-radius-top-left:0px;--awb-border-radius-top-right:0px;--awb-border-radius-bottom-right:0px;--awb-border-radius-bottom-left:0px;--awb-flex-wrap:wrap;\" ><div class=\"fusion-builder-row fusion-row fusion-flex-align-items-flex-start fusion-flex-content-wrap\" style=\"max-width:1331.2px;margin-left: calc(-4% \/ 2 );margin-right: calc(-4% \/ 2 );\"><div class=\"fusion-layout-column fusion_builder_column fusion-builder-column-0 fusion_builder_column_3_4 3_4 fusion-flex-column\" style=\"--awb-bg-size:cover;--awb-width-large:75%;--awb-margin-top-large:10px;--awb-spacing-right-large:2.56%;--awb-margin-bottom-large:-80px;--awb-spacing-left-large:2.56%;--awb-width-medium:100%;--awb-order-medium:0;--awb-spacing-right-medium:1.92%;--awb-spacing-left-medium:1.92%;--awb-width-small:100%;--awb-order-small:0;--awb-spacing-right-small:1.92%;--awb-spacing-left-small:1.92%;\"><div class=\"fusion-column-wrapper fusion-column-has-shadow fusion-flex-justify-content-flex-start fusion-content-layout-column\"><div class=\"fusion-image-element \" style=\"--awb-caption-title-font-family:var(--h2_typography-font-family);--awb-caption-title-font-weight:var(--h2_typography-font-weight);--awb-caption-title-font-style:var(--h2_typography-font-style);--awb-caption-title-size:var(--h2_typography-font-size);--awb-caption-title-transform:var(--h2_typography-text-transform);--awb-caption-title-line-height:var(--h2_typography-line-height);--awb-caption-title-letter-spacing:var(--h2_typography-letter-spacing);\"><span class=\" fusion-imageframe imageframe-none imageframe-1 hover-type-none\"><img decoding=\"async\" width=\"600\" height=\"402\" alt=\"Weiterbildung f\u00fcr F\u00fchrungskr\u00e4fte | Weiterbildung Gesch\u00e4ftsleitung\" src=\"https:\/\/livingsense-executive.ch\/wp-content\/uploads\/2022\/04\/kommunikation-als-fuehrungskompetenz.jpg\" data-orig-src=\"https:\/\/livingsense-executive.ch\/wp-content\/uploads\/2022\/04\/kommunikation-als-fuehrungskompetenz.jpg\" class=\"lazyload img-responsive wp-image-3898\" srcset=\"data:image\/svg+xml,%3Csvg%20xmlns%3D%27http%3A%2F%2Fwww.w3.org%2F2000%2Fsvg%27%20width%3D%27600%27%20height%3D%27402%27%20viewBox%3D%270%200%20600%20402%27%3E%3Crect%20width%3D%27600%27%20height%3D%27402%27%20fill-opacity%3D%220%22%2F%3E%3C%2Fsvg%3E\" data-srcset=\"https:\/\/livingsense-executive.ch\/wp-content\/uploads\/2022\/04\/kommunikation-als-fuehrungskompetenz-200x134.jpg 200w, https:\/\/livingsense-executive.ch\/wp-content\/uploads\/2022\/04\/kommunikation-als-fuehrungskompetenz-400x268.jpg 400w, https:\/\/livingsense-executive.ch\/wp-content\/uploads\/2022\/04\/kommunikation-als-fuehrungskompetenz.jpg 600w\" data-sizes=\"auto\" data-orig-sizes=\"(max-width: 1024px) 100vw, (max-width: 640px) 100vw, 600px\" \/><\/span><\/div><\/div><\/div><div class=\"fusion-layout-column fusion_builder_column fusion-builder-column-1 fusion_builder_column_1_1 1_1 fusion-flex-column\" style=\"--awb-bg-color:rgba(196,150,86,0.84);--awb-bg-color-hover:rgba(196,150,86,0.84);--awb-bg-size:cover;--awb-width-large:100%;--awb-margin-top-large:10px;--awb-spacing-right-large:1.92%;--awb-margin-bottom-large:10px;--awb-spacing-left-large:1.92%;--awb-width-medium:100%;--awb-order-medium:0;--awb-spacing-right-medium:1.92%;--awb-spacing-left-medium:1.92%;--awb-width-small:100%;--awb-order-small:0;--awb-spacing-right-small:1.92%;--awb-spacing-left-small:1.92%;\"><div class=\"fusion-column-wrapper fusion-column-has-shadow fusion-flex-justify-content-flex-start fusion-content-layout-column\"><div class=\"fusion-title title fusion-title-1 fusion-sep-none fusion-title-text fusion-title-size-two\" style=\"--awb-text-color:#ffffff;--awb-margin-top:10px;--awb-margin-right:20px;--awb-margin-bottom:10px;--awb-margin-left:20px;--awb-margin-top-small:10px;--awb-margin-right-small:20px;--awb-margin-bottom-small:10px;--awb-margin-left-small:20px;--awb-margin-top-medium:10px;--awb-margin-right-medium:20px;--awb-margin-bottom-medium:10px;--awb-margin-left-medium:20px;\"><h2 class=\"fusion-title-heading title-heading-left fusion-responsive-typography-calculated\" style=\"margin:0;--fontSize:34;line-height:1.47;\">Communication as a leadership competence<\/h2><\/div><\/div><\/div><\/div><\/div><div class=\"fusion-fullwidth fullwidth-box fusion-builder-row-2 fusion-flex-container nonhundred-percent-fullwidth non-hundred-percent-height-scrolling\" style=\"--awb-border-radius-top-left:0px;--awb-border-radius-top-right:0px;--awb-border-radius-bottom-right:0px;--awb-border-radius-bottom-left:0px;--awb-margin-top:50px;--awb-flex-wrap:wrap;\" ><div class=\"fusion-builder-row fusion-row fusion-flex-align-items-flex-start fusion-flex-content-wrap\" style=\"max-width:1331.2px;margin-left: calc(-4% \/ 2 );margin-right: calc(-4% \/ 2 );\"><div class=\"fusion-layout-column fusion_builder_column fusion-builder-column-2 fusion_builder_column_1_1 1_1 fusion-flex-column\" style=\"--awb-bg-size:cover;--awb-width-large:100%;--awb-margin-top-large:0px;--awb-spacing-right-large:1.92%;--awb-margin-bottom-large:0px;--awb-spacing-left-large:1.92%;--awb-width-medium:100%;--awb-spacing-right-medium:1.92%;--awb-spacing-left-medium:1.92%;--awb-width-small:100%;--awb-spacing-right-small:1.92%;--awb-spacing-left-small:1.92%;\"><div class=\"fusion-column-wrapper fusion-flex-justify-content-flex-start fusion-content-layout-column\"><div class=\"fusion-text fusion-text-1\" style=\"--awb-text-transform:none;\"><p>Communication (Latin <em>communicatio<\/em> &#8216;communication&#8217;) is of central importance in every organisation and represents a key function for corporate success. It is the exchange or transmission of information between people using a variety of channels. It is the exchange or transmission of information between people using a variety of channels. Employees and teams form an image of the organisation that is either inspiring or rather negative. The exchange of ideas, expectations and needs influences the shaping of the future and shared images or stories can emerge, creating the space to think through a wide range of possibilities and shape the future they would like to be in and belong to.<\/p>\n<\/div><div class=\"fusion-separator fusion-full-width-sep\" style=\"align-self: center;margin-left: auto;margin-right: auto;margin-top:25px;width:100%;\"><\/div><div class=\"fusion-image-element \" style=\"text-align:center;--awb-caption-title-font-family:var(--h2_typography-font-family);--awb-caption-title-font-weight:var(--h2_typography-font-weight);--awb-caption-title-font-style:var(--h2_typography-font-style);--awb-caption-title-size:var(--h2_typography-font-size);--awb-caption-title-transform:var(--h2_typography-text-transform);--awb-caption-title-line-height:var(--h2_typography-line-height);--awb-caption-title-letter-spacing:var(--h2_typography-letter-spacing);\"><span class=\" fusion-imageframe imageframe-none imageframe-2 hover-type-zoomin\"><a href=\"https:\/\/livingsense-executive.ch\/wp-content\/uploads\/2022\/04\/leuchtmittel.jpg\" class=\"fusion-lightbox\" data-rel=\"iLightbox[4f3ade8ab1d1275ff34]\"><img decoding=\"async\" width=\"750\" height=\"500\" src=\"https:\/\/livingsense-executive.ch\/wp-content\/uploads\/2022\/04\/leuchtmittel.jpg\" data-orig-src=\"https:\/\/livingsense-executive.ch\/wp-content\/uploads\/2022\/04\/leuchtmittel.jpg\" alt class=\"lazyload img-responsive wp-image-3885\" srcset=\"data:image\/svg+xml,%3Csvg%20xmlns%3D%27http%3A%2F%2Fwww.w3.org%2F2000%2Fsvg%27%20width%3D%27750%27%20height%3D%27500%27%20viewBox%3D%270%200%20750%20500%27%3E%3Crect%20width%3D%27750%27%20height%3D%27500%27%20fill-opacity%3D%220%22%2F%3E%3C%2Fsvg%3E\" data-srcset=\"https:\/\/livingsense-executive.ch\/wp-content\/uploads\/2022\/04\/leuchtmittel-200x133.jpg 200w, https:\/\/livingsense-executive.ch\/wp-content\/uploads\/2022\/04\/leuchtmittel-400x267.jpg 400w, https:\/\/livingsense-executive.ch\/wp-content\/uploads\/2022\/04\/leuchtmittel-600x400.jpg 600w, https:\/\/livingsense-executive.ch\/wp-content\/uploads\/2022\/04\/leuchtmittel.jpg 750w\" data-sizes=\"auto\" data-orig-sizes=\"(max-width: 1024px) 100vw, (max-width: 640px) 100vw, 750px\" \/><\/a><\/span><\/div><div class=\"fusion-separator fusion-full-width-sep\" style=\"align-self: center;margin-left: auto;margin-right: auto;margin-top:50px;width:100%;\"><\/div><div class=\"fusion-text fusion-text-2 aufzaehlung\" style=\"--awb-text-transform:none;\"><p>Answers to the increasingly complex world of work have been sought in a multitude of further training or health management programmes, but today these can only cover the needs of a confusing digital society to a limited extent. More and more, successful companies are using the approaches of ethical and mindful leadership, which focuses on appreciative communication and reintegrates the individual into teams or the entire organization. The emergence of this value culture enables sustainable and meaningful corporate success.<\/p>\n<h3>Aim of the module<\/h3>\n<p>To understand and use communication as a key competence within the three levels of the company &#8220;ego level; team level and organisational level&#8221;.<\/p>\n<h3>Benefits for you and the company<\/h3>\n<p>Making use of collective knowledge; saving time by mitigating a waste of resources; providing new perspectives to the constructs of perception in order to create the framework for sustainable business success.<\/p>\n<p>Further advantages of successful communication for companies and their employees:<\/p>\n<ul>\n<li>More efficient and effective cooperation<\/li>\n<li>quick and satisfactory solutions to conflicts<\/li>\n<li>Strengthening mutual understanding<\/li>\n<li>Strengthening mutual support and trust<\/li>\n<li>Clearer work assignments and better decision-making communication<\/li>\n<li>less misunderstandings<\/li>\n<li>Higher motivation of employees for service delivery<br \/>\netc.<\/li>\n<\/ul>\n<h3>The six thematic fields of the module<\/h3>\n<ul>\n<li>Basics of communication<\/li>\n<li>Active listening \/ appreciation account<\/li>\n<li>Communication concept in the company<\/li>\n<li>Understanding authentic communication<\/li>\n<li>Communication in conflict situations<\/li>\n<li>Communication in change processes<\/li>\n<\/ul>\n<p>In a service society, employees are the social capital and form the basis of every company through collective knowledge. It is a community of values that contributes to the successful effectiveness of the company and promises sustainable, as well as quantitative and qualitative success for the future.<\/p>\n<\/div><\/div><\/div><\/div><\/div><\/p>\n","protected":false},"excerpt":{"rendered":"","protected":false},"author":1,"featured_media":3852,"menu_order":2,"comment_status":"closed","ping_status":"closed","template":"","format":"standard","meta":{"footnotes":""},"portfolio_category":[262],"portfolio_skills":[],"portfolio_tags":[],"class_list":["post-4330","avada_portfolio","type-avada_portfolio","status-publish","format-standard","has-post-thumbnail","hentry","portfolio_category-mentoring-programmes"],"yoast_head":"<!-- This site is optimized with the Yoast SEO plugin v27.5 - https:\/\/yoast.com\/product\/yoast-seo-wordpress\/ -->\n<title>Communication as a leadership competence &#8226; livingsense-executive.ch<\/title>\n<meta name=\"robots\" content=\"noindex, follow\" \/>\n<meta property=\"og:locale\" content=\"en_US\" \/>\n<meta property=\"og:type\" content=\"article\" \/>\n<meta property=\"og:title\" content=\"Communication as a leadership competence &#8226; livingsense-executive.ch\" \/>\n<meta property=\"og:url\" content=\"https:\/\/livingsense-executive.ch\/en\/portfolio\/communication-as-a-leadership-competence\/\" \/>\n<meta property=\"og:site_name\" content=\"livingsense-executive.ch\" \/>\n<meta property=\"article:publisher\" content=\"https:\/\/www.facebook.com\/LivingSenseExecutive\" \/>\n<meta property=\"article:modified_time\" content=\"2023-05-30T07:39:53+00:00\" \/>\n<meta property=\"og:image\" content=\"https:\/\/livingsense-executive.ch\/wp-content\/uploads\/2020\/11\/kommunikation-als-fuehrungskompetenz.jpg\" \/>\n\t<meta property=\"og:image:width\" content=\"600\" \/>\n\t<meta property=\"og:image:height\" content=\"402\" \/>\n\t<meta property=\"og:image:type\" content=\"image\/jpeg\" \/>\n<meta name=\"twitter:card\" content=\"summary_large_image\" \/>\n<meta name=\"twitter:label1\" content=\"Est. reading time\" \/>\n\t<meta name=\"twitter:data1\" content=\"13 minutes\" \/>\n<!-- \/ Yoast SEO plugin. -->","yoast_head_json":{"title":"Communication as a leadership competence &#8226; livingsense-executive.ch","robots":{"index":"noindex","follow":"follow"},"og_locale":"en_US","og_type":"article","og_title":"Communication as a leadership competence &#8226; livingsense-executive.ch","og_url":"https:\/\/livingsense-executive.ch\/en\/portfolio\/communication-as-a-leadership-competence\/","og_site_name":"livingsense-executive.ch","article_publisher":"https:\/\/www.facebook.com\/LivingSenseExecutive","article_modified_time":"2023-05-30T07:39:53+00:00","og_image":[{"width":600,"height":402,"url":"https:\/\/livingsense-executive.ch\/wp-content\/uploads\/2020\/11\/kommunikation-als-fuehrungskompetenz.jpg","type":"image\/jpeg"}],"twitter_card":"summary_large_image","twitter_misc":{"Est. reading time":"13 minutes"},"schema":{"@context":"https:\/\/schema.org","@graph":[{"@type":"WebPage","@id":"https:\/\/livingsense-executive.ch\/en\/portfolio\/communication-as-a-leadership-competence\/","url":"https:\/\/livingsense-executive.ch\/en\/portfolio\/communication-as-a-leadership-competence\/","name":"Communication as a leadership competence &#8226; livingsense-executive.ch","isPartOf":{"@id":"https:\/\/livingsense-executive.ch\/en\/#website"},"primaryImageOfPage":{"@id":"https:\/\/livingsense-executive.ch\/en\/portfolio\/communication-as-a-leadership-competence\/#primaryimage"},"image":{"@id":"https:\/\/livingsense-executive.ch\/en\/portfolio\/communication-as-a-leadership-competence\/#primaryimage"},"thumbnailUrl":"https:\/\/livingsense-executive.ch\/wp-content\/uploads\/2020\/11\/kommunikation-als-fuehrungskompetenz.jpg","datePublished":"2022-04-26T11:37:58+00:00","dateModified":"2023-05-30T07:39:53+00:00","breadcrumb":{"@id":"https:\/\/livingsense-executive.ch\/en\/portfolio\/communication-as-a-leadership-competence\/#breadcrumb"},"inLanguage":"en-US","potentialAction":[{"@type":"ReadAction","target":["https:\/\/livingsense-executive.ch\/en\/portfolio\/communication-as-a-leadership-competence\/"]}]},{"@type":"ImageObject","inLanguage":"en-US","@id":"https:\/\/livingsense-executive.ch\/en\/portfolio\/communication-as-a-leadership-competence\/#primaryimage","url":"https:\/\/livingsense-executive.ch\/wp-content\/uploads\/2020\/11\/kommunikation-als-fuehrungskompetenz.jpg","contentUrl":"https:\/\/livingsense-executive.ch\/wp-content\/uploads\/2020\/11\/kommunikation-als-fuehrungskompetenz.jpg","width":600,"height":402,"caption":"F\u00fchrungskompetenzen | Retreats f\u00fcr F\u00fchrungskr\u00e4fteentwicklung"},{"@type":"BreadcrumbList","@id":"https:\/\/livingsense-executive.ch\/en\/portfolio\/communication-as-a-leadership-competence\/#breadcrumb","itemListElement":[{"@type":"ListItem","position":1,"name":"Startseite","item":"https:\/\/livingsense-executive.ch\/en\/"},{"@type":"ListItem","position":2,"name":"Portfolio","item":"https:\/\/livingsense-executive.ch\/en\/portfolio\/"},{"@type":"ListItem","position":3,"name":"Communication as a leadership competence"}]},{"@type":"WebSite","@id":"https:\/\/livingsense-executive.ch\/en\/#website","url":"https:\/\/livingsense-executive.ch\/en\/","name":"livingsense-executive.ch","description":"Akademie f\u00fcr Holistisches Leadership &amp; Mentoring","publisher":{"@id":"https:\/\/livingsense-executive.ch\/en\/#organization"},"potentialAction":[{"@type":"SearchAction","target":{"@type":"EntryPoint","urlTemplate":"https:\/\/livingsense-executive.ch\/en\/?s={search_term_string}"},"query-input":{"@type":"PropertyValueSpecification","valueRequired":true,"valueName":"search_term_string"}}],"inLanguage":"en-US"},{"@type":"Organization","@id":"https:\/\/livingsense-executive.ch\/en\/#organization","name":"LIVING SENSE EXECUTIVE \u2022 Akademie f\u00fcr Leadership & Mentoring","url":"https:\/\/livingsense-executive.ch\/en\/","logo":{"@type":"ImageObject","inLanguage":"en-US","@id":"https:\/\/livingsense-executive.ch\/en\/#\/schema\/logo\/image\/","url":"https:\/\/livingsense-executive.ch\/wp-content\/uploads\/2022\/04\/logo-new.png","contentUrl":"https:\/\/livingsense-executive.ch\/wp-content\/uploads\/2022\/04\/logo-new.png","width":704,"height":350,"caption":"LIVING SENSE EXECUTIVE \u2022 Akademie f\u00fcr Leadership & Mentoring"},"image":{"@id":"https:\/\/livingsense-executive.ch\/en\/#\/schema\/logo\/image\/"},"sameAs":["https:\/\/www.facebook.com\/LivingSenseExecutive","https:\/\/www.linkedin.com\/company\/living-sense-executive\/"]}]}},"_links":{"self":[{"href":"https:\/\/livingsense-executive.ch\/en\/wp-json\/wp\/v2\/avada_portfolio\/4330","targetHints":{"allow":["GET"]}}],"collection":[{"href":"https:\/\/livingsense-executive.ch\/en\/wp-json\/wp\/v2\/avada_portfolio"}],"about":[{"href":"https:\/\/livingsense-executive.ch\/en\/wp-json\/wp\/v2\/types\/avada_portfolio"}],"author":[{"embeddable":true,"href":"https:\/\/livingsense-executive.ch\/en\/wp-json\/wp\/v2\/users\/1"}],"replies":[{"embeddable":true,"href":"https:\/\/livingsense-executive.ch\/en\/wp-json\/wp\/v2\/comments?post=4330"}],"version-history":[{"count":0,"href":"https:\/\/livingsense-executive.ch\/en\/wp-json\/wp\/v2\/avada_portfolio\/4330\/revisions"}],"wp:featuredmedia":[{"embeddable":true,"href":"https:\/\/livingsense-executive.ch\/en\/wp-json\/wp\/v2\/media\/3852"}],"wp:attachment":[{"href":"https:\/\/livingsense-executive.ch\/en\/wp-json\/wp\/v2\/media?parent=4330"}],"wp:term":[{"taxonomy":"portfolio_category","embeddable":true,"href":"https:\/\/livingsense-executive.ch\/en\/wp-json\/wp\/v2\/portfolio_category?post=4330"},{"taxonomy":"portfolio_skills","embeddable":true,"href":"https:\/\/livingsense-executive.ch\/en\/wp-json\/wp\/v2\/portfolio_skills?post=4330"},{"taxonomy":"portfolio_tags","embeddable":true,"href":"https:\/\/livingsense-executive.ch\/en\/wp-json\/wp\/v2\/portfolio_tags?post=4330"}],"curies":[{"name":"wp","href":"https:\/\/api.w.org\/{rel}","templated":true}]}}